{"id":53994,"date":"2026-04-30T09:45:01","date_gmt":"2026-04-30T09:45:01","guid":{"rendered":"https:\/\/verena-mayer-kolbinger.com\/project\/listen-to-that-summer-morning\/"},"modified":"2026-04-30T13:01:26","modified_gmt":"2026-04-30T13:01:26","slug":"listen-to-that-summer-morning","status":"publish","type":"project","link":"https:\/\/verena-mayer-kolbinger.com\/en\/project\/listen-to-that-summer-morning\/","title":{"rendered":"Listen to That Summer Morning"},"content":{"rendered":"<p>[et_pb_section fb_built=&#8221;1&#8243; _builder_version=&#8221;4.17.4&#8243; _module_preset=&#8221;default&#8221; custom_padding=&#8221;7px||5px|||&#8221; global_colors_info=&#8221;{}&#8221;][et_pb_row _builder_version=&#8221;4.27.4&#8243; _module_preset=&#8221;default&#8221; global_colors_info=&#8221;{}&#8221;][et_pb_column type=&#8221;4_4&#8243; _builder_version=&#8221;4.27.4&#8243; _module_preset=&#8221;default&#8221; global_colors_info=&#8221;{}&#8221;][et_pb_text _builder_version=&#8221;4.27.6&#8243; _module_preset=&#8221;default&#8221; header_font_size=&#8221;45px&#8221; header_font_size_tablet=&#8221;45px&#8221; header_font_size_phone=&#8221;35px&#8221; header_font_size_last_edited=&#8221;on|phone&#8221; global_colors_info=&#8221;{}&#8221;]<\/p>\n<h1>Listen to This Summer Morning<\/h1>\n<p>2026 \u2013 Series &#8220;Shaped from Everything&#8221; <a href=\"https:\/\/verena-mayer-kolbinger.com\/en\/shaped-from-everything-series\/\">(to the series)<\/a><br \/>80 x 100 x 2 cm<br \/>Oil, oil stick on canvas<\/p>\n<p>[\/et_pb_text][\/et_pb_column][\/et_pb_row][et_pb_row column_structure=&#8221;1_2,1_2&#8243; _builder_version=&#8221;4.27.4&#8243; _module_preset=&#8221;default&#8221; global_colors_info=&#8221;{}&#8221;][et_pb_column type=&#8221;1_2&#8243; _builder_version=&#8221;4.27.4&#8243; _module_preset=&#8221;default&#8221; global_colors_info=&#8221;{}&#8221;][et_pb_image src=&#8221;https:\/\/verena-mayer-kolbinger.com\/wp-content\/uploads\/2026\/04\/Listen-to-this-summer-morning.jpg&#8221; alt=&#8221;Coming Up Verena Mayer-Kolbinger&#8221; title_text=&#8221;Listen-to-this-summer-morning&#8221; show_in_lightbox=&#8221;on&#8221; _builder_version=&#8221;4.27.6&#8243; _module_preset=&#8221;default&#8221; hover_enabled=&#8221;0&#8243; locked=&#8221;off&#8221; global_colors_info=&#8221;{}&#8221; sticky_enabled=&#8221;0&#8243;][\/et_pb_image][\/et_pb_column][et_pb_column type=&#8221;1_2&#8243; _builder_version=&#8221;4.27.4&#8243; _module_preset=&#8221;default&#8221; global_colors_info=&#8221;{}&#8221;][et_pb_text disabled_on=&#8221;off|off|off&#8221; _builder_version=&#8221;4.27.6&#8243; _module_preset=&#8221;default&#8221; header_3_font_size=&#8221;30px&#8221; header_3_line_height=&#8221;1.2em&#8221; hover_enabled=&#8221;0&#8243; global_colors_info=&#8221;{}&#8221; sticky_enabled=&#8221;0&#8243;]<\/p>\n<h3>A sweet moment between two worlds.<\/h3>\n<p>Not quite awake yet, but no longer in the dream.<\/p>\n<p>This painting is about that transition. The moment when the subconscious is still open and the day slowly begins to emerge. <\/p>\n<p>Thoughts are not yet sorted, nothing is fixed.<\/p>\n<p>Everything is possible because nothing is being judged yet.<\/p>\n<p>We are still dream beings&#8230;<\/p>\n<p>[\/et_pb_text][\/et_pb_column][\/et_pb_row][et_pb_row disabled_on=&#8221;off|off|off&#8221; _builder_version=&#8221;4.27.4&#8243; _module_preset=&#8221;default&#8221; global_colors_info=&#8221;{}&#8221; column_structure=&#8221;2_3,1_3&#8243;][et_pb_column type=&#8221;2_3&#8243; _builder_version=&#8221;4.27.4&#8243; _module_preset=&#8221;default&#8221; global_colors_info=&#8221;{}&#8221;][et_pb_text _builder_version=&#8221;4.27.6&#8243; _module_preset=&#8221;default&#8221; header_line_height=&#8221;1.2em&#8221; header_3_font_size=&#8221;30px&#8221; header_3_line_height=&#8221;1.2em&#8221; global_colors_info=&#8221;{}&#8221;]<\/p>\n<p>Impressions come unfiltered. <br \/>A sound making its way through. <br \/>In my case, the chirping of birds. <br \/>The cool morning air surrounding me.<\/p>\n<p>It is quiet, without being empty. Rather filled with a silent contentment. <\/p>\n<p>In this state lies a special clarity. No plan, no structure, but a subtle knowing. A sense of what feels right and what doesn&#8217;t. Before the mind begins to categorize everything.   <\/p>\n<p>[\/et_pb_text][\/et_pb_column][et_pb_column type=&#8221;1_3&#8243; _builder_version=&#8221;4.27.4&#8243; _module_preset=&#8221;default&#8221; global_colors_info=&#8221;{}&#8221;][et_pb_image src=&#8221;https:\/\/verena-mayer-kolbinger.com\/wp-content\/uploads\/2026\/04\/Interieur-Listen-to-this-summer-morning-02.jpg&#8221; alt=&#8221;Verena Mayer-Kolbinger floral Abstract Art&#8221; title_text=&#8221;Interieur-Listen-to-this-summer-morning-02&#8243; _builder_version=&#8221;4.27.6&#8243; _module_preset=&#8221;default&#8221; hover_enabled=&#8221;0&#8243; global_colors_info=&#8221;{}&#8221; sticky_enabled=&#8221;0&#8243;][\/et_pb_image][\/et_pb_column][\/et_pb_row][\/et_pb_section][et_pb_section fb_built=&#8221;1&#8243; _builder_version=&#8221;4.27.6&#8243; _module_preset=&#8221;default&#8221; background_image=&#8221;https:\/\/verena-mayer-kolbinger.com\/wp-content\/uploads\/2026\/04\/Detail-Listen-to-this-summer-morning-01.jpg&#8221; parallax=&#8221;on&#8221; hover_enabled=&#8221;0&#8243; global_colors_info=&#8221;{}&#8221; title_text=&#8221;Detail-Listen-to-this-summer-morning-01&#8243; sticky_enabled=&#8221;0&#8243;][et_pb_row _builder_version=&#8221;4.27.6&#8243; _module_preset=&#8221;default&#8221; min_height=&#8221;191px&#8221; global_colors_info=&#8221;{}&#8221;][et_pb_column type=&#8221;4_4&#8243; _builder_version=&#8221;4.27.6&#8243; _module_preset=&#8221;default&#8221; global_colors_info=&#8221;{}&#8221;][\/et_pb_column][\/et_pb_row][\/et_pb_section][et_pb_section fb_built=&#8221;1&#8243; _builder_version=&#8221;4.17.4&#8243; _module_preset=&#8221;default&#8221; custom_padding=&#8221;7px||5px|||&#8221; global_colors_info=&#8221;{}&#8221;][et_pb_row disabled_on=&#8221;off|off|off&#8221; _builder_version=&#8221;4.27.4&#8243; _module_preset=&#8221;default&#8221; global_colors_info=&#8221;{}&#8221;][et_pb_column type=&#8221;4_4&#8243; _builder_version=&#8221;4.27.4&#8243; _module_preset=&#8221;default&#8221; global_colors_info=&#8221;{}&#8221;][et_pb_text _builder_version=&#8221;4.27.6&#8243; _module_preset=&#8221;default&#8221; header_line_height=&#8221;1.2em&#8221; header_3_font_size=&#8221;30px&#8221; header_3_line_height=&#8221;1.2em&#8221; global_colors_info=&#8221;{}&#8221;]<\/p>\n<h3>Completely open. Completely soft. Pure feeling.  <\/h3>\n<p>The painting captures exactly this openness. Light, delicate shades of blue and green open up a wide space. Softer, almost floating forms layer over them. And then this intensification: a vibrant, warm core of red, pink, and orange that expands while being held at the same time.   <\/p>\n<p>Lines move through the painting, some clear, some searching. They connect and interrupt simultaneously. Like thoughts that emerge, disappear again, and reshape themselves.  <\/p>\n<p>This tension is deliberately placed. Calm and movement. Softness and intensity. Openness and focus.   <\/p>\n<p>[\/et_pb_text][\/et_pb_column][\/et_pb_row][et_pb_row column_structure=&#8221;1_3,1_3,1_3&#8243; _builder_version=&#8221;4.27.4&#8243; _module_preset=&#8221;default&#8221; global_colors_info=&#8221;{}&#8221;][et_pb_column type=&#8221;1_3&#8243; _builder_version=&#8221;4.27.4&#8243; _module_preset=&#8221;default&#8221; global_colors_info=&#8221;{}&#8221;][et_pb_image src=&#8221;https:\/\/verena-mayer-kolbinger.com\/wp-content\/uploads\/2026\/04\/Detail-Listen-to-this-summer-morning-02.jpg&#8221; title_text=&#8221;Detail-Listen-to-this-summer-morning-02&#8243; _builder_version=&#8221;4.27.6&#8243; _module_preset=&#8221;default&#8221; hover_enabled=&#8221;0&#8243; global_colors_info=&#8221;{}&#8221; sticky_enabled=&#8221;0&#8243;][\/et_pb_image][\/et_pb_column][et_pb_column type=&#8221;1_3&#8243; _builder_version=&#8221;4.27.4&#8243; _module_preset=&#8221;default&#8221; global_colors_info=&#8221;{}&#8221;][et_pb_image src=&#8221;https:\/\/verena-mayer-kolbinger.com\/wp-content\/uploads\/2026\/04\/Detail-Listen-to-this-summer-morning-04.jpg&#8221; title_text=&#8221;Detail-Listen-to-this-summer-morning-04&#8243; _builder_version=&#8221;4.27.6&#8243; _module_preset=&#8221;default&#8221; hover_enabled=&#8221;0&#8243; global_colors_info=&#8221;{}&#8221; sticky_enabled=&#8221;0&#8243;][\/et_pb_image][\/et_pb_column][et_pb_column type=&#8221;1_3&#8243; _builder_version=&#8221;4.27.4&#8243; _module_preset=&#8221;default&#8221; global_colors_info=&#8221;{}&#8221;][et_pb_image src=&#8221;https:\/\/verena-mayer-kolbinger.com\/wp-content\/uploads\/2026\/04\/Detail-Listen-to-this-summer-morning-03.jpg&#8221; _builder_version=&#8221;4.27.6&#8243; _module_preset=&#8221;default&#8221; title_text=&#8221;Detail-Listen-to-this-summer-morning-03&#8243; hover_enabled=&#8221;0&#8243; sticky_enabled=&#8221;0&#8243;][\/et_pb_image][\/et_pb_column][\/et_pb_row][et_pb_row disabled_on=&#8221;off|off|off&#8221; _builder_version=&#8221;4.27.4&#8243; _module_preset=&#8221;default&#8221; global_colors_info=&#8221;{}&#8221;][et_pb_column type=&#8221;4_4&#8243; _builder_version=&#8221;4.27.4&#8243; _module_preset=&#8221;default&#8221; global_colors_info=&#8221;{}&#8221;][et_pb_text _builder_version=&#8221;4.27.5&#8243; _module_preset=&#8221;default&#8221; header_line_height=&#8221;1.2em&#8221; header_3_font_size=&#8221;30px&#8221; header_3_line_height=&#8221;1.2em&#8221; global_colors_info=&#8221;{}&#8221;]<\/p>\n<h3>This is the magic of a (summer) morning for me.<\/h3>\n<p>Not in either-or, but in simultaneity. <br \/>The subconscious and the conscious. <br \/>What we feel, and what we make of it.<\/p>\n<p>This painting reminds us not to skip over this transition. But to perceive it. <\/p>\n<p>Perhaps in the morning, before the day catches up with you.<br \/>To stay a moment longer in the in-between.<\/p>\n<p>And to listen to what reveals itself before you decide.<\/p>\n<p>This painting wants to be an invitation to you to perceive both worlds.<\/p>\n<p>[\/et_pb_text][\/et_pb_column][\/et_pb_row][et_pb_row column_structure=&#8221;1_2,1_2&#8243; _builder_version=&#8221;4.17.4&#8243; _module_preset=&#8221;default&#8221; global_colors_info=&#8221;{}&#8221;][et_pb_column type=&#8221;1_2&#8243; _builder_version=&#8221;4.17.4&#8243; _module_preset=&#8221;default&#8221; global_colors_info=&#8221;{}&#8221;][et_pb_image src=&#8221;https:\/\/verena-mayer-kolbinger.com\/wp-content\/uploads\/2026\/04\/Interieur-Listen-to-this-summer-morning.jpg&#8221; alt=&#8221;Verena Mayer-Kolbinger floral Abstract Art&#8221; title_text=&#8221;Interior-Listen-to-this-summer-morning&#8221; _builder_version=&#8221;4.27.6&#8243; _module_preset=&#8221;default&#8221; hover_enabled=&#8221;0&#8243; global_colors_info=&#8221;{}&#8221; sticky_enabled=&#8221;0&#8243;][\/et_pb_image][\/et_pb_column][et_pb_column type=&#8221;1_2&#8243; _builder_version=&#8221;4.17.4&#8243; _module_preset=&#8221;default&#8221; global_colors_info=&#8221;{}&#8221;][et_pb_text _builder_version=&#8221;4.27.6&#8243; _module_preset=&#8221;default&#8221; global_colors_info=&#8221;{}&#8221;]<\/p>\n<p><strong>Listen to This Summer Morning<\/strong><\/p>\n<p>2026 \u2013 Series &#8220;Shaped from Everything&#8221;<br \/>80 x 100 x 2 cm<br \/>Oil, oil stick on canvas<\/p>\n<p>&nbsp;<\/p>\n<p>\u20ac2,000.00<\/p>\n<p>[\/et_pb_text][et_pb_button button_url=&#8221;mailto:info@verena-mayer-kolbinger.com&#8221; button_text=&#8221;Inquire about the painting&#8221; _builder_version=&#8221;4.27.4&#8243; _module_preset=&#8221;default&#8221; global_module=&#8221;50720&#8243; global_colors_info=&#8221;{}&#8221;][\/et_pb_button][et_pb_text _builder_version=&#8221;4.27.4&#8243; _module_preset=&#8221;default&#8221; text_font_size=&#8221;13px&#8221; global_module=&#8221;50802&#8243; saved_tabs=&#8221;all&#8221; locked=&#8221;off&#8221; global_colors_info=&#8221;{}&#8221;]<\/p>\n<p>Bitte kontaktiere mich per E-Mail \u00fcber den &#8220;Bild anfragen&#8221;-Button. Ich gebe dir gerne mehr Informationen \u00fcber das Werk und seine Entstehung.<span style=\"color: #800000;\"><\/span><\/p>\n<p>[\/et_pb_text][\/et_pb_column][\/et_pb_row][et_pb_row _builder_version=&#8221;4.27.4&#8243; _module_preset=&#8221;default&#8221; global_colors_info=&#8221;{}&#8221;][et_pb_column type=&#8221;4_4&#8243; _builder_version=&#8221;4.27.4&#8243; _module_preset=&#8221;default&#8221; global_colors_info=&#8221;{}&#8221;][et_pb_divider divider_weight=&#8221;4px&#8221; _builder_version=&#8221;4.27.4&#8243; _module_preset=&#8221;default&#8221; custom_margin=&#8221;||23px|||&#8221; global_colors_info=&#8221;{}&#8221;][\/et_pb_divider][et_pb_text _builder_version=&#8221;4.27.4&#8243; _module_preset=&#8221;default&#8221; global_module=&#8221;51889&#8243; saved_tabs=&#8221;all&#8221; global_colors_info=&#8221;{}&#8221;]<\/p>\n<h5>Kunst ist mehr als ein dekoratives Bild an der Wand.<\/h5>\n<p>Kunst ist ein Luxus, den du dir g\u00f6nnen darfst, weil sie in dir etwas zum Klingen bringt.<br \/>Kunst ist individuell und das Gegenteil von Massenprodukten und schnelllebiger Mode.<br \/>Ein Kunstwerk begleitet dich (und teilweise Generationen) und wird zum Bestandteil deines Lebens und aller Geschichten in ihm.<\/p>\n<p>Meine Bilder sind Ressourcen, in denen man sich selbst erkennen kann.<br \/>Sie sind meine pers\u00f6nliche Auseinandersetzung mit den Herausforderungen und Sch\u00f6nheiten des Lebens.<\/p>\n<p>Ich lade dich ein, in den Tiefen der Schichten und der Vielfalt der Farben deine eigene Ressource zu finden \u2013 zur St\u00e4rkung, Fokussierung oder Ruhe in deinem eigenen Leben. Und deinem Zuhause mit meiner Kunst einen ganz pers\u00f6nlichen Touch zu geben und deine eigene Geschichte in ihr zu erz\u00e4hlen.<\/p>\n<p>[\/et_pb_text][\/et_pb_column][\/et_pb_row][\/et_pb_section][et_pb_section fb_built=&#8221;1&#8243; _builder_version=&#8221;4.27.4&#8243; _module_preset=&#8221;default&#8221; custom_padding=&#8221;3px||7px|||&#8221; global_module=&#8221;51888&#8243; saved_tabs=&#8221;all&#8221; global_colors_info=&#8221;{}&#8221;][et_pb_row _builder_version=&#8221;4.17.4&#8243; _module_preset=&#8221;default&#8221; custom_padding=&#8221;||2px|||&#8221; global_colors_info=&#8221;{}&#8221;][et_pb_column type=&#8221;4_4&#8243; _builder_version=&#8221;4.17.4&#8243; _module_preset=&#8221;default&#8221; global_colors_info=&#8221;{}&#8221;][et_pb_divider divider_weight=&#8221;4px&#8221; _builder_version=&#8221;4.27.4&#8243; _module_preset=&#8221;default&#8221; global_colors_info=&#8221;{}&#8221;][\/et_pb_divider][et_pb_text _builder_version=&#8221;4.27.4&#8243; _module_preset=&#8221;default&#8221; header_3_font_size=&#8221;30px&#8221; global_colors_info=&#8221;{}&#8221;]<\/p>\n<h5>Are you interested in the painting?<\/h5>\n<h3><\/h3>\n<h3><strong>How the Purchase Works<\/strong><\/h3>\n<h5>Your Artwork in Three Steps<\/h5>\n<p><strong>1. Non-binding inquiry<\/strong><br \/>Simply click &#8220;Make an Inquiry&#8221; to let me know you&#8217;re interested \u2013 with no obligation. This way, I&#8217;ll know which piece touched you, and we can start a conversation. <\/p>\n<p>[\/et_pb_text][\/et_pb_column][\/et_pb_row][et_pb_row column_structure=&#8221;3_4,1_4&#8243; _builder_version=&#8221;4.27.4&#8243; _module_preset=&#8221;default&#8221; custom_padding=&#8221;11px|||||&#8221; global_colors_info=&#8221;{}&#8221;][et_pb_column type=&#8221;3_4&#8243; _builder_version=&#8221;4.27.4&#8243; _module_preset=&#8221;default&#8221; global_colors_info=&#8221;{}&#8221;][et_pb_text _builder_version=&#8221;4.27.4&#8243; _module_preset=&#8221;default&#8221; global_colors_info=&#8221;{}&#8221;]<\/p>\n<p><strong>2. Personal Consultation (with hanging service upon request)<\/strong><br \/>Together, we&#8217;ll discuss your questions about size, impact, and how it fits into your space \u2013 and if you like, I can create a free digital preview of the painting in your room (hanging service). All you need is a photo of your wall. <\/p>\n<p><strong>3. Secure Processing<\/strong><br \/>Once you confirm, the artwork will be professionally packaged and shipped free of charge (within Germany). In a sturdy wooden crate, well protected and insured.  You&#8217;ll receive tracking information \u2013 and can look forward to your new artwork with peace of mind.<\/p>\n<p>[\/et_pb_text][\/et_pb_column][et_pb_column type=&#8221;1_4&#8243; _builder_version=&#8221;4.27.4&#8243; _module_preset=&#8221;default&#8221; global_colors_info=&#8221;{}&#8221;][et_pb_image src=&#8221;https:\/\/verena-mayer-kolbinger.com\/wp-content\/uploads\/2025\/07\/schwester-sicherer-ort-02.jpg&#8221; title_text=&#8221;sister-safe-place-02&#8243; _builder_version=&#8221;4.27.4&#8243; _module_preset=&#8221;default&#8221; global_colors_info=&#8221;{}&#8221;][\/et_pb_image][\/et_pb_column][\/et_pb_row][\/et_pb_section][et_pb_section fb_built=&#8221;1&#8243; _builder_version=&#8221;4.27.4&#8243; _module_preset=&#8221;default&#8221; background_color=&#8221;rgba(141,198,196,0.21)&#8221; background_image=&#8221;https:\/\/verena-mayer-kolbinger.com\/wp-content\/uploads\/2022\/05\/Painter-artist-31.png&#8221; background_size=&#8221;custom&#8221; background_image_width=&#8221;46%&#8221; background_position=&#8221;top_right&#8221; background_blend=&#8221;lighten&#8221; custom_padding=&#8221;18px|||||&#8221; global_module=&#8221;51887&#8243; saved_tabs=&#8221;all&#8221; global_colors_info=&#8221;{}&#8221;][et_pb_row _builder_version=&#8221;4.27.4&#8243; _module_preset=&#8221;default&#8221; global_colors_info=&#8221;{}&#8221;][et_pb_column type=&#8221;4_4&#8243; _builder_version=&#8221;4.27.4&#8243; _module_preset=&#8221;default&#8221; global_colors_info=&#8221;{}&#8221;][et_pb_divider divider_weight=&#8221;4px&#8221; _builder_version=&#8221;4.27.4&#8243; _module_preset=&#8221;default&#8221; global_colors_info=&#8221;{}&#8221;][\/et_pb_divider][et_pb_text _builder_version=&#8221;4.27.4&#8243; _module_preset=&#8221;default&#8221; header_3_font_size=&#8221;30px&#8221; header_3_font_size_phone=&#8221;30px&#8221; header_3_font_size_last_edited=&#8221;off|desktop&#8221; global_colors_info=&#8221;{}&#8221;]<\/p>\n<h3>Frequently Asked Questions<\/h3>\n<p><strong>How will the artwork reach me?<\/strong><br \/>You can pick up your desired artwork in person at my studio in Karlsruhe. Alternatively, I will send it to you professionally and securely packaged (free of charge within Germany and for purchases over \u20ac1000).  For larger or international shipments, I will gladly provide exact prices upon request.<\/p>\n<p><strong>What happens if the artwork arrives damaged?<\/strong><br \/>I carefully pack each piece in a sturdy wooden crate. Should anything arrive damaged, I offer an immediate replacement or refund \u2013 uncomplicated and personal. <\/p>\n<p><strong>Can I return the artwork if I don&#8217;t like it?<\/strong><br \/>Yes. You can return the artwork within 14 days if it doesn&#8217;t meet your expectations.  I understand that art is very personal. However, I ask that you cover the shipping and return costs. <\/p>\n<p><strong>How long does shipping take?<\/strong><br \/>Within Germany, delivery time is approx. 5\u20138 business days. You will receive a tracking number so you can follow your artwork until it arrives. <\/p>\n<p>Do you have further questions? Feel free to contact me. <\/p>\n<p>[\/et_pb_text][et_pb_button button_url=&#8221;mailto:%20hallo@verenamayer.de&#8221; button_text=&#8221;Contact Me&#8221; _builder_version=&#8221;4.27.4&#8243; _module_preset=&#8221;default&#8221; global_colors_info=&#8221;{}&#8221;][\/et_pb_button][\/et_pb_column][\/et_pb_row][\/et_pb_section]<\/p>\n","protected":false},"excerpt":{"rendered":"<p>Listen to This Summer Morning 2026 \u2013 Series &#8220;Shaped from Everything&#8221; (to the series)80 x 100 x 2 cmOil, oil stick on canvasA sweet moment between two worlds. Not quite awake yet, but no longer in the dream. This painting is about that transition. The moment when the subconscious is still open and the day [&hellip;]<\/p>\n","protected":false},"author":1,"featured_media":53975,"comment_status":"open","ping_status":"closed","template":"","meta":{"_et_pb_use_builder":"on","_et_pb_old_content":"","_et_gb_content_width":"","footnotes":""},"project_category":[81],"project_tag":[],"class_list":["post-53994","project","type-project","status-publish","has-post-thumbnail","hentry","project_category-shaped-from-everything"],"_links":{"self":[{"href":"https:\/\/verena-mayer-kolbinger.com\/en\/wp-json\/wp\/v2\/project\/53994","targetHints":{"allow":["GET"]}}],"collection":[{"href":"https:\/\/verena-mayer-kolbinger.com\/en\/wp-json\/wp\/v2\/project"}],"about":[{"href":"https:\/\/verena-mayer-kolbinger.com\/en\/wp-json\/wp\/v2\/types\/project"}],"author":[{"embeddable":true,"href":"https:\/\/verena-mayer-kolbinger.com\/en\/wp-json\/wp\/v2\/users\/1"}],"replies":[{"embeddable":true,"href":"https:\/\/verena-mayer-kolbinger.com\/en\/wp-json\/wp\/v2\/comments?post=53994"}],"version-history":[{"count":2,"href":"https:\/\/verena-mayer-kolbinger.com\/en\/wp-json\/wp\/v2\/project\/53994\/revisions"}],"predecessor-version":[{"id":53996,"href":"https:\/\/verena-mayer-kolbinger.com\/en\/wp-json\/wp\/v2\/project\/53994\/revisions\/53996"}],"wp:featuredmedia":[{"embeddable":true,"href":"https:\/\/verena-mayer-kolbinger.com\/en\/wp-json\/wp\/v2\/media\/53975"}],"wp:attachment":[{"href":"https:\/\/verena-mayer-kolbinger.com\/en\/wp-json\/wp\/v2\/media?parent=53994"}],"wp:term":[{"taxonomy":"project_category","embeddable":true,"href":"https:\/\/verena-mayer-kolbinger.com\/en\/wp-json\/wp\/v2\/project_category?post=53994"},{"taxonomy":"project_tag","embeddable":true,"href":"https:\/\/verena-mayer-kolbinger.com\/en\/wp-json\/wp\/v2\/project_tag?post=53994"}],"curies":[{"name":"wp","href":"https:\/\/api.w.org\/{rel}","templated":true}]}}