{"id":53870,"date":"2026-04-24T14:54:05","date_gmt":"2026-04-24T14:54:05","guid":{"rendered":"https:\/\/verena-mayer-kolbinger.com\/project\/primavera-is-still-alive\/"},"modified":"2026-04-24T15:06:08","modified_gmt":"2026-04-24T15:06:08","slug":"primavera-is-still-alive","status":"publish","type":"project","link":"https:\/\/verena-mayer-kolbinger.com\/en\/project\/primavera-is-still-alive\/","title":{"rendered":"Primavera is still alive"},"content":{"rendered":"<p>[et_pb_section fb_built=&#8221;1&#8243; _builder_version=&#8221;4.17.4&#8243; _module_preset=&#8221;default&#8221; custom_padding=&#8221;7px||5px|||&#8221; global_colors_info=&#8221;{}&#8221;][et_pb_row _builder_version=&#8221;4.27.4&#8243; _module_preset=&#8221;default&#8221; global_colors_info=&#8221;{}&#8221;][et_pb_column type=&#8221;4_4&#8243; _builder_version=&#8221;4.27.4&#8243; _module_preset=&#8221;default&#8221; global_colors_info=&#8221;{}&#8221;][et_pb_text _builder_version=&#8221;4.27.6&#8243; _module_preset=&#8221;default&#8221; header_font_size=&#8221;45px&#8221; header_font_size_tablet=&#8221;45px&#8221; header_font_size_phone=&#8221;35px&#8221; header_font_size_last_edited=&#8221;on|phone&#8221; global_colors_info=&#8221;{}&#8221;]<\/p>\n<h1>Primavera is still alive<\/h1>\n<p>2024 <br \/>80 x 120 x 4 cm<br \/>Acrylic and oil pastel on canvas<\/p>\n<p>[\/et_pb_text][\/et_pb_column][\/et_pb_row][et_pb_row column_structure=&#8221;3_5,2_5&#8243; _builder_version=&#8221;4.27.4&#8243; _module_preset=&#8221;default&#8221; global_colors_info=&#8221;{}&#8221;][et_pb_column type=&#8221;3_5&#8243; _builder_version=&#8221;4.27.4&#8243; _module_preset=&#8221;default&#8221; global_colors_info=&#8221;{}&#8221;][et_pb_image src=&#8221;https:\/\/verena-mayer-kolbinger.com\/wp-content\/uploads\/2026\/04\/Primavera-ist-doch-am-Leben-web.jpg&#8221; alt=&#8221;See Me Dancing in the Sand&#8221; title_text=&#8221;Primavera-is-still-alive-web&#8221; show_in_lightbox=&#8221;on&#8221; _builder_version=&#8221;4.27.6&#8243; _module_preset=&#8221;default&#8221; locked=&#8221;off&#8221; global_colors_info=&#8221;{}&#8221;][\/et_pb_image][\/et_pb_column][et_pb_column type=&#8221;2_5&#8243; _builder_version=&#8221;4.27.4&#8243; _module_preset=&#8221;default&#8221; global_colors_info=&#8221;{}&#8221;][et_pb_text disabled_on=&#8221;off|off|off&#8221; _builder_version=&#8221;4.27.6&#8243; _module_preset=&#8221;default&#8221; header_3_font_size=&#8221;30px&#8221; header_3_line_height=&#8221;1.2em&#8221; global_colors_info=&#8221;{}&#8221;]<\/p>\n<p>Hey, you\u2019re still alive after all! You are<br \/>the awakening, a quiet pulsing beneath<br \/>the earth. You remind me of the gentle<br \/>revolution against inner coldness.  <\/p>\n<h3>Two beginnings<\/h3>\n<p>This painting has two beginnings.<br \/>The first is in March 2019. That\u2019s when the foundation was created\u2014 inspired by the Shirley poppy, which is only available for a short time and is precisely why it feels so special. I\u2019ve always been drawn to this contradiction in it: an almost fragile delicacy and, at the same time, a clear, upright presence. The fine hairs, the stems, the structure\u2014 something plant-like that almost tips into the animal.   <\/p>\n<p>[\/et_pb_text][\/et_pb_column][\/et_pb_row][et_pb_row disabled_on=&#8221;off|off|off&#8221; _builder_version=&#8221;4.27.4&#8243; _module_preset=&#8221;default&#8221; custom_padding=&#8221;||20px|||&#8221; global_colors_info=&#8221;{}&#8221;][et_pb_column type=&#8221;4_4&#8243; _builder_version=&#8221;4.27.4&#8243; _module_preset=&#8221;default&#8221; global_colors_info=&#8221;{}&#8221;][et_pb_text _builder_version=&#8221;4.27.5&#8243; _module_preset=&#8221;default&#8221; header_line_height=&#8221;1.2em&#8221; header_3_font_size=&#8221;30px&#8221; header_3_line_height=&#8221;1.2em&#8221; global_colors_info=&#8221;{}&#8221;]<\/p>\n<p>Then the painting sat for a long time.<br \/>Not unfinished, more at rest. Perhaps like in hibernation. <\/p>\n<h3>Picking it up again in March<\/h3>\n<p>In March 2024, I brought it out again. It wasn\u2019t a conscious plan, but more a feeling that something wants to continue now. March is a transitional month for me. One in which, every year, I forget anew that spring really does come back\u2014 and at the same time I urgently await it.   <\/p>\n<p>In this tension, the painting kept growing. The scale of the Shirley poppy, the delicacy of lily of the valley. The darkness and retreat of winter and, at the same time, the incredible power of cell division that lies dormant in every bud  <\/p>\n<h3>Layers that remain<\/h3>\n<p>I worked with rich greens, with muted beiges, with layers that overlap. In between, there were words on the canvas\u2014 thoughts about spring, about new beginnings, about this quiet urge toward life. Many of them are no longer visible today. They\u2019re painted over, but not gone. They carry the painting from within.    <\/p>\n<p>[\/et_pb_text][\/et_pb_column][\/et_pb_row][\/et_pb_section][et_pb_section fb_built=&#8221;1&#8243; _builder_version=&#8221;4.27.6&#8243; _module_preset=&#8221;default&#8221; background_image=&#8221;https:\/\/verena-mayer-kolbinger.com\/wp-content\/uploads\/2026\/04\/Primavera-ist-doch-am-Leben-Impression.jpg&#8221; parallax=&#8221;on&#8221; global_colors_info=&#8221;{}&#8221;][et_pb_row _builder_version=&#8221;4.27.6&#8243; _module_preset=&#8221;default&#8221; custom_margin=&#8221;|auto|94px|auto||&#8221;][et_pb_column _builder_version=&#8221;4.27.6&#8243; _module_preset=&#8221;default&#8221; type=&#8221;4_4&#8243;][\/et_pb_column][\/et_pb_row][\/et_pb_section][et_pb_section fb_built=&#8221;1&#8243; _builder_version=&#8221;4.17.4&#8243; _module_preset=&#8221;default&#8221; custom_padding=&#8221;7px||5px|||&#8221; global_colors_info=&#8221;{}&#8221;][et_pb_row disabled_on=&#8221;off|off|off&#8221; _builder_version=&#8221;4.27.4&#8243; _module_preset=&#8221;default&#8221; custom_padding=&#8221;7px|||||&#8221; global_colors_info=&#8221;{}&#8221;][et_pb_column type=&#8221;4_4&#8243; _builder_version=&#8221;4.27.4&#8243; _module_preset=&#8221;default&#8221; global_colors_info=&#8221;{}&#8221;][et_pb_text _builder_version=&#8221;4.27.6&#8243; _module_preset=&#8221;default&#8221; header_line_height=&#8221;1.2em&#8221; header_3_font_size=&#8221;30px&#8221; header_3_line_height=&#8221;1.2em&#8221; global_colors_info=&#8221;{}&#8221; custom_padding=&#8221;29px|||||&#8221;]<\/p>\n<p>The reference to &#8220;Primavera&#8221; by Sandro Botticelli was there too\u2014 less as a specific visual quote, more as a feeling. That lightness of blossoms that seem to stand effortlessly in space stayed with me. And at the same time, the most reproduced artwork in the Western world. Spring repeats itself, entirely without our doing.   <\/p>\n<p>[\/et_pb_text][\/et_pb_column][\/et_pb_row][et_pb_row column_structure=&#8221;1_3,1_3,1_3&#8243; _builder_version=&#8221;4.27.4&#8243; _module_preset=&#8221;default&#8221; global_colors_info=&#8221;{}&#8221;][et_pb_column type=&#8221;1_3&#8243; _builder_version=&#8221;4.27.4&#8243; _module_preset=&#8221;default&#8221; global_colors_info=&#8221;{}&#8221;][et_pb_image src=&#8221;https:\/\/verena-mayer-kolbinger.com\/wp-content\/uploads\/2026\/04\/Primavera-ist-doch-am-Leben-Detail-1.jpg&#8221; title_text=&#8221;Primavera-is-still-alive-detail-1&#8243; _builder_version=&#8221;4.27.6&#8243; _module_preset=&#8221;default&#8221; global_colors_info=&#8221;{}&#8221;][\/et_pb_image][\/et_pb_column][et_pb_column type=&#8221;1_3&#8243; _builder_version=&#8221;4.27.4&#8243; _module_preset=&#8221;default&#8221; global_colors_info=&#8221;{}&#8221;][et_pb_image src=&#8221;https:\/\/verena-mayer-kolbinger.com\/wp-content\/uploads\/2026\/04\/Primavera-ist-doch-am-Leben-Detail-2.jpg&#8221; title_text=&#8221;Primavera-is-still-alive-detail-2&#8243; _builder_version=&#8221;4.27.6&#8243; _module_preset=&#8221;default&#8221; global_colors_info=&#8221;{}&#8221;][\/et_pb_image][\/et_pb_column][et_pb_column type=&#8221;1_3&#8243; _builder_version=&#8221;4.27.4&#8243; _module_preset=&#8221;default&#8221; global_colors_info=&#8221;{}&#8221;][et_pb_image src=&#8221;https:\/\/verena-mayer-kolbinger.com\/wp-content\/uploads\/2026\/04\/Primavera-ist-doch-am-Leben-Detail-3.jpg&#8221; title_text=&#8221;Primavera-is-still-alive-detail-3&#8243; _builder_version=&#8221;4.27.6&#8243; _module_preset=&#8221;default&#8221; global_colors_info=&#8221;{}&#8221;][\/et_pb_image][\/et_pb_column][\/et_pb_row][et_pb_row disabled_on=&#8221;off|off|off&#8221; _builder_version=&#8221;4.27.4&#8243; _module_preset=&#8221;default&#8221; custom_padding=&#8221;7px|||||&#8221; global_colors_info=&#8221;{}&#8221;][et_pb_column type=&#8221;4_4&#8243; _builder_version=&#8221;4.27.4&#8243; _module_preset=&#8221;default&#8221; global_colors_info=&#8221;{}&#8221;][et_pb_text _builder_version=&#8221;4.27.6&#8243; _module_preset=&#8221;default&#8221; header_line_height=&#8221;1.2em&#8221; header_3_font_size=&#8221;30px&#8221; header_3_line_height=&#8221;1.2em&#8221; global_colors_info=&#8221;{}&#8221;]<\/p>\n<h3>What remains<\/h3>\n<p>What interests me about this painting is less the motif than the principle:<br \/>That something can only come into being because something else was there before.<br \/>That growth isn\u2019t linear, but happens in layers.<br \/>And that delicacy and strength can exist at the same time.<\/p>\n<p><strong>Maybe that\u2019s exactly the core:<\/strong><br \/><strong>That life doesn\u2019t announce itself, but is suddenly there again.<\/strong><\/p>\n<p>[\/et_pb_text][\/et_pb_column][\/et_pb_row][et_pb_row column_structure=&#8221;1_2,1_2&#8243; _builder_version=&#8221;4.17.4&#8243; _module_preset=&#8221;default&#8221; global_colors_info=&#8221;{}&#8221;][et_pb_column type=&#8221;1_2&#8243; _builder_version=&#8221;4.17.4&#8243; _module_preset=&#8221;default&#8221; global_colors_info=&#8221;{}&#8221;][et_pb_image src=&#8221;https:\/\/verena-mayer-kolbinger.com\/wp-content\/uploads\/2026\/04\/Primavera-ist-doch-am-Leben-Interieur-1.jpg&#8221; alt=&#8221;Verena Mayer-Kolbinger floral Abstract Art&#8221; title_text=&#8221;Primavera-is-still-alive-interior-1&#8243; _builder_version=&#8221;4.27.6&#8243; _module_preset=&#8221;default&#8221; global_colors_info=&#8221;{}&#8221;][\/et_pb_image][et_pb_image src=&#8221;https:\/\/verena-mayer-kolbinger.com\/wp-content\/uploads\/2026\/04\/Primavera-ist-doch-am-Leben-Interieur-2.jpg&#8221; title_text=&#8221;Primavera-is-still-alive-interior-2&#8243; _builder_version=&#8221;4.27.6&#8243; _module_preset=&#8221;default&#8221; global_colors_info=&#8221;{}&#8221;][\/et_pb_image][\/et_pb_column][et_pb_column type=&#8221;1_2&#8243; _builder_version=&#8221;4.17.4&#8243; _module_preset=&#8221;default&#8221; global_colors_info=&#8221;{}&#8221;][et_pb_text _builder_version=&#8221;4.27.6&#8243; _module_preset=&#8221;default&#8221; global_colors_info=&#8221;{}&#8221;]<\/p>\n<p><strong>Primavera is still alive<\/strong><\/p>\n<p>80 x 120 cm<br \/>Acrylic and oil pastel on canvas<br \/>2024<\/p>\n<p>2,000.00 Euro<\/p>\n<p>[\/et_pb_text][et_pb_button button_url=&#8221;mailto:info@verena-mayer-kolbinger.com&#8221; button_text=&#8221;Inquire about the painting&#8221; _builder_version=&#8221;4.27.4&#8243; _module_preset=&#8221;default&#8221; global_module=&#8221;50720&#8243; global_colors_info=&#8221;{}&#8221;][\/et_pb_button][et_pb_text _builder_version=&#8221;4.27.4&#8243; _module_preset=&#8221;default&#8221; text_font_size=&#8221;13px&#8221; global_module=&#8221;50802&#8243; saved_tabs=&#8221;all&#8221; locked=&#8221;off&#8221; global_colors_info=&#8221;{}&#8221;]<\/p>\n<p>Bitte kontaktiere mich per E-Mail \u00fcber den &#8220;Bild anfragen&#8221;-Button. Ich gebe dir gerne mehr Informationen \u00fcber das Werk und seine Entstehung.<span style=\"color: #800000;\"><\/span><\/p>\n<p>[\/et_pb_text][\/et_pb_column][\/et_pb_row][et_pb_row _builder_version=&#8221;4.27.4&#8243; _module_preset=&#8221;default&#8221; global_colors_info=&#8221;{}&#8221;][et_pb_column type=&#8221;4_4&#8243; _builder_version=&#8221;4.27.4&#8243; _module_preset=&#8221;default&#8221; global_colors_info=&#8221;{}&#8221;][et_pb_divider divider_weight=&#8221;4px&#8221; _builder_version=&#8221;4.27.4&#8243; _module_preset=&#8221;default&#8221; custom_margin=&#8221;||23px|||&#8221; global_colors_info=&#8221;{}&#8221;][\/et_pb_divider][et_pb_text _builder_version=&#8221;4.27.4&#8243; _module_preset=&#8221;default&#8221; global_module=&#8221;51889&#8243; saved_tabs=&#8221;all&#8221; global_colors_info=&#8221;{}&#8221;]<\/p>\n<h5>Kunst ist mehr als ein dekoratives Bild an der Wand.<\/h5>\n<p>Kunst ist ein Luxus, den du dir g\u00f6nnen darfst, weil sie in dir etwas zum Klingen bringt.<br \/>Kunst ist individuell und das Gegenteil von Massenprodukten und schnelllebiger Mode.<br \/>Ein Kunstwerk begleitet dich (und teilweise Generationen) und wird zum Bestandteil deines Lebens und aller Geschichten in ihm.<\/p>\n<p>Meine Bilder sind Ressourcen, in denen man sich selbst erkennen kann.<br \/>Sie sind meine pers\u00f6nliche Auseinandersetzung mit den Herausforderungen und Sch\u00f6nheiten des Lebens.<\/p>\n<p>Ich lade dich ein, in den Tiefen der Schichten und der Vielfalt der Farben deine eigene Ressource zu finden \u2013 zur St\u00e4rkung, Fokussierung oder Ruhe in deinem eigenen Leben. Und deinem Zuhause mit meiner Kunst einen ganz pers\u00f6nlichen Touch zu geben und deine eigene Geschichte in ihr zu erz\u00e4hlen.<\/p>\n<p>[\/et_pb_text][\/et_pb_column][\/et_pb_row][\/et_pb_section][et_pb_section fb_built=&#8221;1&#8243; _builder_version=&#8221;4.27.4&#8243; _module_preset=&#8221;default&#8221; custom_padding=&#8221;3px||7px|||&#8221; global_module=&#8221;51888&#8243; saved_tabs=&#8221;all&#8221; global_colors_info=&#8221;{}&#8221;][et_pb_row _builder_version=&#8221;4.17.4&#8243; _module_preset=&#8221;default&#8221; custom_padding=&#8221;||2px|||&#8221; global_colors_info=&#8221;{}&#8221;][et_pb_column type=&#8221;4_4&#8243; _builder_version=&#8221;4.17.4&#8243; _module_preset=&#8221;default&#8221; global_colors_info=&#8221;{}&#8221;][et_pb_divider divider_weight=&#8221;4px&#8221; _builder_version=&#8221;4.27.4&#8243; _module_preset=&#8221;default&#8221; global_colors_info=&#8221;{}&#8221;][\/et_pb_divider][et_pb_text _builder_version=&#8221;4.27.4&#8243; _module_preset=&#8221;default&#8221; header_3_font_size=&#8221;30px&#8221; global_colors_info=&#8221;{}&#8221;]<\/p>\n<h5>Are you interested in the painting?<\/h5>\n<h3><\/h3>\n<h3><strong>How the Purchase Works<\/strong><\/h3>\n<h5>Your Artwork in Three Steps<\/h5>\n<p><strong>1. Non-binding inquiry<\/strong><br \/>Simply click &#8220;Make an Inquiry&#8221; to let me know you&#8217;re interested \u2013 with no obligation. This way, I&#8217;ll know which piece touched you, and we can start a conversation. <\/p>\n<p>[\/et_pb_text][\/et_pb_column][\/et_pb_row][et_pb_row column_structure=&#8221;3_4,1_4&#8243; _builder_version=&#8221;4.27.4&#8243; _module_preset=&#8221;default&#8221; custom_padding=&#8221;11px|||||&#8221; global_colors_info=&#8221;{}&#8221;][et_pb_column type=&#8221;3_4&#8243; _builder_version=&#8221;4.27.4&#8243; _module_preset=&#8221;default&#8221; global_colors_info=&#8221;{}&#8221;][et_pb_text _builder_version=&#8221;4.27.4&#8243; _module_preset=&#8221;default&#8221; global_colors_info=&#8221;{}&#8221;]<\/p>\n<p><strong>2. Personal Consultation (with hanging service upon request)<\/strong><br \/>Together, we&#8217;ll discuss your questions about size, impact, and how it fits into your space \u2013 and if you like, I can create a free digital preview of the painting in your room (hanging service). All you need is a photo of your wall. <\/p>\n<p><strong>3. Secure Processing<\/strong><br \/>Once you confirm, the artwork will be professionally packaged and shipped free of charge (within Germany). In a sturdy wooden crate, well protected and insured.  You&#8217;ll receive tracking information \u2013 and can look forward to your new artwork with peace of mind.<\/p>\n<p>[\/et_pb_text][\/et_pb_column][et_pb_column type=&#8221;1_4&#8243; _builder_version=&#8221;4.27.4&#8243; _module_preset=&#8221;default&#8221; global_colors_info=&#8221;{}&#8221;][et_pb_image src=&#8221;https:\/\/verena-mayer-kolbinger.com\/wp-content\/uploads\/2025\/07\/schwester-sicherer-ort-02.jpg&#8221; title_text=&#8221;sister-safe-place-02&#8243; _builder_version=&#8221;4.27.4&#8243; _module_preset=&#8221;default&#8221; global_colors_info=&#8221;{}&#8221;][\/et_pb_image][\/et_pb_column][\/et_pb_row][\/et_pb_section][et_pb_section fb_built=&#8221;1&#8243; _builder_version=&#8221;4.27.4&#8243; _module_preset=&#8221;default&#8221; background_color=&#8221;rgba(141,198,196,0.21)&#8221; background_image=&#8221;https:\/\/verena-mayer-kolbinger.com\/wp-content\/uploads\/2022\/05\/Painter-artist-31.png&#8221; background_size=&#8221;custom&#8221; background_image_width=&#8221;46%&#8221; background_position=&#8221;top_right&#8221; background_blend=&#8221;lighten&#8221; custom_padding=&#8221;18px|||||&#8221; global_module=&#8221;51887&#8243; saved_tabs=&#8221;all&#8221; global_colors_info=&#8221;{}&#8221;][et_pb_row _builder_version=&#8221;4.27.4&#8243; _module_preset=&#8221;default&#8221; global_colors_info=&#8221;{}&#8221;][et_pb_column type=&#8221;4_4&#8243; _builder_version=&#8221;4.27.4&#8243; _module_preset=&#8221;default&#8221; global_colors_info=&#8221;{}&#8221;][et_pb_divider divider_weight=&#8221;4px&#8221; _builder_version=&#8221;4.27.4&#8243; _module_preset=&#8221;default&#8221; global_colors_info=&#8221;{}&#8221;][\/et_pb_divider][et_pb_text _builder_version=&#8221;4.27.4&#8243; _module_preset=&#8221;default&#8221; header_3_font_size=&#8221;30px&#8221; header_3_font_size_phone=&#8221;30px&#8221; header_3_font_size_last_edited=&#8221;off|desktop&#8221; global_colors_info=&#8221;{}&#8221;]<\/p>\n<h3>Frequently Asked Questions<\/h3>\n<p><strong>How will the artwork reach me?<\/strong><br \/>You can pick up your desired artwork in person at my studio in Karlsruhe. Alternatively, I will send it to you professionally and securely packaged (free of charge within Germany and for purchases over \u20ac1000).  For larger or international shipments, I will gladly provide exact prices upon request.<\/p>\n<p><strong>What happens if the artwork arrives damaged?<\/strong><br \/>I carefully pack each piece in a sturdy wooden crate. Should anything arrive damaged, I offer an immediate replacement or refund \u2013 uncomplicated and personal. <\/p>\n<p><strong>Can I return the artwork if I don&#8217;t like it?<\/strong><br \/>Yes. You can return the artwork within 14 days if it doesn&#8217;t meet your expectations.  I understand that art is very personal. However, I ask that you cover the shipping and return costs. <\/p>\n<p><strong>How long does shipping take?<\/strong><br \/>Within Germany, delivery time is approx. 5\u20138 business days. You will receive a tracking number so you can follow your artwork until it arrives. <\/p>\n<p>Do you have further questions? Feel free to contact me. <\/p>\n<p>[\/et_pb_text][et_pb_button button_url=&#8221;mailto:%20hallo@verenamayer.de&#8221; button_text=&#8221;Contact Me&#8221; _builder_version=&#8221;4.27.4&#8243; _module_preset=&#8221;default&#8221; global_colors_info=&#8221;{}&#8221;][\/et_pb_button][\/et_pb_column][\/et_pb_row][\/et_pb_section]<\/p>\n","protected":false},"excerpt":{"rendered":"<p>Primavera is still alive 2024 80 x 120 x 4 cmAcrylic and oil pastel on canvasHey, you\u2019re still alive after all! You arethe awakening, a quiet pulsing beneaththe earth. You remind me of the gentlerevolution against inner coldness. Two beginnings This painting has two beginnings.The first is in March 2019. That\u2019s when the foundation was [&hellip;]<\/p>\n","protected":false},"author":1,"featured_media":53871,"comment_status":"open","ping_status":"closed","template":"","meta":{"_et_pb_use_builder":"on","_et_pb_old_content":"","_et_gb_content_width":"","footnotes":""},"project_category":[74],"project_tag":[],"class_list":["post-53870","project","type-project","status-publish","has-post-thumbnail","hentry","project_category-74"],"_links":{"self":[{"href":"https:\/\/verena-mayer-kolbinger.com\/en\/wp-json\/wp\/v2\/project\/53870","targetHints":{"allow":["GET"]}}],"collection":[{"href":"https:\/\/verena-mayer-kolbinger.com\/en\/wp-json\/wp\/v2\/project"}],"about":[{"href":"https:\/\/verena-mayer-kolbinger.com\/en\/wp-json\/wp\/v2\/types\/project"}],"author":[{"embeddable":true,"href":"https:\/\/verena-mayer-kolbinger.com\/en\/wp-json\/wp\/v2\/users\/1"}],"replies":[{"embeddable":true,"href":"https:\/\/verena-mayer-kolbinger.com\/en\/wp-json\/wp\/v2\/comments?post=53870"}],"version-history":[{"count":2,"href":"https:\/\/verena-mayer-kolbinger.com\/en\/wp-json\/wp\/v2\/project\/53870\/revisions"}],"predecessor-version":[{"id":53874,"href":"https:\/\/verena-mayer-kolbinger.com\/en\/wp-json\/wp\/v2\/project\/53870\/revisions\/53874"}],"wp:featuredmedia":[{"embeddable":true,"href":"https:\/\/verena-mayer-kolbinger.com\/en\/wp-json\/wp\/v2\/media\/53871"}],"wp:attachment":[{"href":"https:\/\/verena-mayer-kolbinger.com\/en\/wp-json\/wp\/v2\/media?parent=53870"}],"wp:term":[{"taxonomy":"project_category","embeddable":true,"href":"https:\/\/verena-mayer-kolbinger.com\/en\/wp-json\/wp\/v2\/project_category?post=53870"},{"taxonomy":"project_tag","embeddable":true,"href":"https:\/\/verena-mayer-kolbinger.com\/en\/wp-json\/wp\/v2\/project_tag?post=53870"}],"curies":[{"name":"wp","href":"https:\/\/api.w.org\/{rel}","templated":true}]}}